{"id":243,"date":"2019-04-29T10:04:56","date_gmt":"2019-04-29T08:04:56","guid":{"rendered":"https:\/\/www.kohlundfrech.de\/?page_id=243"},"modified":"2019-06-17T12:35:20","modified_gmt":"2019-06-17T10:35:20","slug":"oeffentliche-referenzen","status":"publish","type":"page","link":"https:\/\/www.kohlundfrech.de\/?page_id=243","title":{"rendered":"\u00d6ffentliche Referenzen"},"content":{"rendered":"<div class=\"flex_column av_one_full  flex_column_div av-zero-column-padding first  avia-builder-el-0  el_before_av_button  avia-builder-el-first  \" style='border-radius:0px; '><p><div  style='padding-bottom:10px; ' class='av-special-heading av-special-heading-h2  blockquote modern-quote modern-centered  avia-builder-el-1  el_before_av_textblock  avia-builder-el-first  '><h2 class='av-special-heading-tag '  itemprop=\"headline\"  >\u00d6FFENTLICHE<\/h2><div class='special-heading-border'><div class='special-heading-inner-border' ><\/div><\/div><\/div><br \/>\n<section class=\"av_textblock_section \"  itemscope=\"itemscope\" itemtype=\"https:\/\/schema.org\/CreativeWork\" ><div class='avia_textblock  '   itemprop=\"text\" ><p><img loading=\"lazy\" class=\"aligncenter size-full wp-image-35\" src=\"http:\/\/www.kohlundfrech.de\/wp-content\/uploads\/2017\/10\/icon_oeffentlich.png\" alt=\"\" width=\"134\" height=\"134\" srcset=\"https:\/\/www.kohlundfrech.de\/wp-content\/uploads\/2017\/10\/icon_oeffentlich.png 134w, https:\/\/www.kohlundfrech.de\/wp-content\/uploads\/2017\/10\/icon_oeffentlich-36x36.png 36w, https:\/\/www.kohlundfrech.de\/wp-content\/uploads\/2017\/10\/icon_oeffentlich-120x120.png 120w\" sizes=\"(max-width: 134px) 100vw, 134px\" \/><\/p>\n<\/div><\/section><br \/>\n<div class=' kuf-referenzen-grid grid-sort-container isotope   no_margin-container with-title-container grid-total-odd grid-col-3 grid-links-' data-portfolio-id='grid1'><div data-ajax-id='227' class=' grid-entry flex_column isotope-item all_sort no_margin post-entry post-entry-227 grid-entry-overview grid-loop-1 grid-parity-odd  oeffentlich_sort  av_one_third first default_av_fullwidth '><article class='main_color inner-entry'  itemscope=\"itemscope\" itemtype=\"https:\/\/schema.org\/CreativeWork\" ><a href='https:\/\/www.kohlundfrech.de\/?portfolio=kindergarten-wilde-13-landau' title='KINDERGARTEN \u201cWILDE 13\u201c, LANDAU'  data-rel='grid-1' class='grid-image avia-hover-fx'><h2 class=\"kuf_grid_title\">KINDERGARTEN \u201cWILDE 13\u201c, LANDAU<\/h2><img width=\"495\" height=\"400\" src=\"https:\/\/www.kohlundfrech.de\/wp-content\/uploads\/2019\/04\/02_3444_Referenzen_Jan_2019_Seite_04_Bild_0001-495x400.jpg\" class=\"wp-image-228 avia-img-lazy-loading-228 attachment-portfolio size-portfolio wp-post-image\" alt=\"\" loading=\"lazy\" srcset=\"https:\/\/www.kohlundfrech.de\/wp-content\/uploads\/2019\/04\/02_3444_Referenzen_Jan_2019_Seite_04_Bild_0001-495x400.jpg 495w, https:\/\/www.kohlundfrech.de\/wp-content\/uploads\/2019\/04\/02_3444_Referenzen_Jan_2019_Seite_04_Bild_0001-845x684.jpg 845w\" sizes=\"(max-width: 495px) 100vw, 495px\" \/><\/a><div class='grid-content'><div class='avia-arrow'><\/div><header class=\"entry-content-header\"><h3 class='grid-entry-title entry-title'  itemprop=\"headline\" ><a href='https:\/\/www.kohlundfrech.de\/?portfolio=kindergarten-wilde-13-landau' title='KINDERGARTEN \u201cWILDE 13\u201c, LANDAU'>KINDERGARTEN \u201cWILDE 13\u201c, LANDAU<\/a><\/h3><\/header><\/div><footer class=\"entry-footer\"><\/footer><\/article><\/div><div data-ajax-id='222' class=' grid-entry flex_column isotope-item all_sort no_margin post-entry post-entry-222 grid-entry-overview grid-loop-2 grid-parity-even  oeffentlich_sort  av_one_third  default_av_fullwidth '><article class='main_color inner-entry'  itemscope=\"itemscope\" itemtype=\"https:\/\/schema.org\/CreativeWork\" ><a href='https:\/\/www.kohlundfrech.de\/?portfolio=lukas-schule-ludwigshafen' title='LUKAS-SCHULE, LUDWIGSHAFEN'  data-rel='grid-1' class='grid-image avia-hover-fx'><h2 class=\"kuf_grid_title\">LUKAS-SCHULE, LUDWIGSHAFEN<\/h2><img width=\"495\" height=\"343\" src=\"https:\/\/www.kohlundfrech.de\/wp-content\/uploads\/2019\/04\/02_3444_Referenzen_Jan_2019_Seite_03_Bild_0002-495x343.jpg\" class=\"wp-image-224 avia-img-lazy-loading-224 attachment-portfolio size-portfolio wp-post-image\" alt=\"\" loading=\"lazy\" srcset=\"https:\/\/www.kohlundfrech.de\/wp-content\/uploads\/2019\/04\/02_3444_Referenzen_Jan_2019_Seite_03_Bild_0002-495x343.jpg 495w, https:\/\/www.kohlundfrech.de\/wp-content\/uploads\/2019\/04\/02_3444_Referenzen_Jan_2019_Seite_03_Bild_0002-217x150.jpg 217w, https:\/\/www.kohlundfrech.de\/wp-content\/uploads\/2019\/04\/02_3444_Referenzen_Jan_2019_Seite_03_Bild_0002-300x207.jpg 300w, https:\/\/www.kohlundfrech.de\/wp-content\/uploads\/2019\/04\/02_3444_Referenzen_Jan_2019_Seite_03_Bild_0002-450x311.jpg 450w, https:\/\/www.kohlundfrech.de\/wp-content\/uploads\/2019\/04\/02_3444_Referenzen_Jan_2019_Seite_03_Bild_0002.jpg 496w\" sizes=\"(max-width: 495px) 100vw, 495px\" \/><\/a><div class='grid-content'><div class='avia-arrow'><\/div><header class=\"entry-content-header\"><h3 class='grid-entry-title entry-title'  itemprop=\"headline\" ><a href='https:\/\/www.kohlundfrech.de\/?portfolio=lukas-schule-ludwigshafen' title='LUKAS-SCHULE, LUDWIGSHAFEN'>LUKAS-SCHULE, LUDWIGSHAFEN<\/a><\/h3><\/header><\/div><footer class=\"entry-footer\"><\/footer><\/article><\/div><div data-ajax-id='335' class=' grid-entry flex_column isotope-item all_sort no_margin post-entry post-entry-335 grid-entry-overview grid-loop-3 grid-parity-odd  oeffentlich_sort  av_one_third  default_av_fullwidth '><article class='main_color inner-entry'  itemscope=\"itemscope\" itemtype=\"https:\/\/schema.org\/CreativeWork\" ><a href='https:\/\/www.kohlundfrech.de\/?portfolio=kindertagesstaette-mainz-tagesfoerderstaette-mainz-kindertagesstaette-nieder-olm' title='KINDERTAGESST\u00c4TTE MAINZ, TAGESF\u00d6RDERST\u00c4TTE MAINZ, KINDERTAGESST\u00c4TTE NIEDER-OLM'  data-rel='grid-1' class='grid-image avia-hover-fx'><h2 class=\"kuf_grid_title\">KINDERTAGESST\u00c4TTE MAINZ, TAGESF\u00d6RDERST\u00c4TTE MAINZ, KINDERTAGESST\u00c4TTE NIEDER-OLM<\/h2><img width=\"495\" height=\"343\" src=\"https:\/\/www.kohlundfrech.de\/wp-content\/uploads\/2019\/05\/Kindertagessta\u0308tte_Mainz_Small-495x343.jpg\" class=\"wp-image-345 avia-img-lazy-loading-345 attachment-portfolio size-portfolio wp-post-image\" alt=\"\" loading=\"lazy\" srcset=\"https:\/\/www.kohlundfrech.de\/wp-content\/uploads\/2019\/05\/Kindertagessta\u0308tte_Mainz_Small.jpg 495w, https:\/\/www.kohlundfrech.de\/wp-content\/uploads\/2019\/05\/Kindertagessta\u0308tte_Mainz_Small-216x150.jpg 216w, https:\/\/www.kohlundfrech.de\/wp-content\/uploads\/2019\/05\/Kindertagessta\u0308tte_Mainz_Small-300x208.jpg 300w, https:\/\/www.kohlundfrech.de\/wp-content\/uploads\/2019\/05\/Kindertagessta\u0308tte_Mainz_Small-450x312.jpg 450w\" sizes=\"(max-width: 495px) 100vw, 495px\" \/><\/a><div class='grid-content'><div class='avia-arrow'><\/div><header class=\"entry-content-header\"><h3 class='grid-entry-title entry-title'  itemprop=\"headline\" ><a href='https:\/\/www.kohlundfrech.de\/?portfolio=kindertagesstaette-mainz-tagesfoerderstaette-mainz-kindertagesstaette-nieder-olm' title='KINDERTAGESST\u00c4TTE MAINZ, TAGESF\u00d6RDERST\u00c4TTE MAINZ, KINDERTAGESST\u00c4TTE NIEDER-OLM'>KINDERTAGESST\u00c4TTE MAINZ, TAGESF\u00d6RDERST\u00c4TTE MAINZ, KINDERTAGESST\u00c4TTE NIEDER-OLM<\/a><\/h3><\/header><\/div><footer class=\"entry-footer\"><\/footer><\/article><\/div><div data-ajax-id='231' class=' grid-entry flex_column isotope-item all_sort no_margin post-entry post-entry-231 grid-entry-overview grid-loop-4 grid-parity-even  oeffentlich_sort  av_one_third first default_av_fullwidth '><article class='main_color inner-entry'  itemscope=\"itemscope\" itemtype=\"https:\/\/schema.org\/CreativeWork\" ><a href='https:\/\/www.kohlundfrech.de\/?portfolio=butenschoenhaus-landau-landau' title='BUTENSCH\u00d6NHAUS LANDAU, LANDAU'  data-rel='grid-1' class='grid-image avia-hover-fx'><h2 class=\"kuf_grid_title\">BUTENSCH\u00d6NHAUS LANDAU, LANDAU<\/h2><img width=\"494\" height=\"340\" src=\"https:\/\/www.kohlundfrech.de\/wp-content\/uploads\/2019\/04\/02_3444_Referenzen_Jan_2019_Seite_05_Bild_0002.jpg\" class=\"wp-image-232 avia-img-lazy-loading-232 attachment-portfolio size-portfolio wp-post-image\" alt=\"\" loading=\"lazy\" srcset=\"https:\/\/www.kohlundfrech.de\/wp-content\/uploads\/2019\/04\/02_3444_Referenzen_Jan_2019_Seite_05_Bild_0002.jpg 494w, https:\/\/www.kohlundfrech.de\/wp-content\/uploads\/2019\/04\/02_3444_Referenzen_Jan_2019_Seite_05_Bild_0002-218x150.jpg 218w, https:\/\/www.kohlundfrech.de\/wp-content\/uploads\/2019\/04\/02_3444_Referenzen_Jan_2019_Seite_05_Bild_0002-300x206.jpg 300w, https:\/\/www.kohlundfrech.de\/wp-content\/uploads\/2019\/04\/02_3444_Referenzen_Jan_2019_Seite_05_Bild_0002-450x310.jpg 450w\" sizes=\"(max-width: 494px) 100vw, 494px\" \/><\/a><div class='grid-content'><div class='avia-arrow'><\/div><header class=\"entry-content-header\"><h3 class='grid-entry-title entry-title'  itemprop=\"headline\" ><a href='https:\/\/www.kohlundfrech.de\/?portfolio=butenschoenhaus-landau-landau' title='BUTENSCH\u00d6NHAUS LANDAU, LANDAU'>BUTENSCH\u00d6NHAUS LANDAU, LANDAU<\/a><\/h3><\/header><\/div><footer class=\"entry-footer\"><\/footer><\/article><\/div><div data-ajax-id='238' class=' grid-entry flex_column isotope-item all_sort no_margin post-entry post-entry-238 grid-entry-overview grid-loop-5 grid-parity-odd  oeffentlich_sort  av_one_third  default_av_fullwidth '><article class='main_color inner-entry'  itemscope=\"itemscope\" itemtype=\"https:\/\/schema.org\/CreativeWork\" ><a href='https:\/\/www.kohlundfrech.de\/?portfolio=trifelsgymnasium-annweiler' title='TRIFELSGYMNASIUM, ANNWEILER'  data-rel='grid-1' class='grid-image avia-hover-fx'><h2 class=\"kuf_grid_title\">TRIFELSGYMNASIUM, ANNWEILER<\/h2><img width=\"495\" height=\"343\" src=\"https:\/\/www.kohlundfrech.de\/wp-content\/uploads\/2019\/04\/02_3444_Referenzen_Jan_2019_Seite_06_Bild_0002-495x343.jpg\" class=\"wp-image-240 avia-img-lazy-loading-240 attachment-portfolio size-portfolio wp-post-image\" alt=\"\" loading=\"lazy\" srcset=\"https:\/\/www.kohlundfrech.de\/wp-content\/uploads\/2019\/04\/02_3444_Referenzen_Jan_2019_Seite_06_Bild_0002.jpg 495w, https:\/\/www.kohlundfrech.de\/wp-content\/uploads\/2019\/04\/02_3444_Referenzen_Jan_2019_Seite_06_Bild_0002-216x150.jpg 216w, https:\/\/www.kohlundfrech.de\/wp-content\/uploads\/2019\/04\/02_3444_Referenzen_Jan_2019_Seite_06_Bild_0002-300x208.jpg 300w, https:\/\/www.kohlundfrech.de\/wp-content\/uploads\/2019\/04\/02_3444_Referenzen_Jan_2019_Seite_06_Bild_0002-450x312.jpg 450w\" sizes=\"(max-width: 495px) 100vw, 495px\" \/><\/a><div class='grid-content'><div class='avia-arrow'><\/div><header class=\"entry-content-header\"><h3 class='grid-entry-title entry-title'  itemprop=\"headline\" ><a href='https:\/\/www.kohlundfrech.de\/?portfolio=trifelsgymnasium-annweiler' title='TRIFELSGYMNASIUM, ANNWEILER'>TRIFELSGYMNASIUM, ANNWEILER<\/a><\/h3><\/header><\/div><footer class=\"entry-footer\"><\/footer><\/article><\/div><div data-ajax-id='356' class=' grid-entry flex_column isotope-item all_sort no_margin post-entry post-entry-356 grid-entry-overview grid-loop-6 grid-parity-even  oeffentlich_sort  av_one_third  default_av_fullwidth '><article class='main_color inner-entry'  itemscope=\"itemscope\" itemtype=\"https:\/\/schema.org\/CreativeWork\" ><a href='https:\/\/www.kohlundfrech.de\/?portfolio=edith-stein-gymnasium-speyer' title='EDITH-STEIN-GYMNASIUM,  SPEYER'  data-rel='grid-1' class='grid-image avia-hover-fx'><h2 class=\"kuf_grid_title\">EDITH-STEIN-GYMNASIUM,  SPEYER<\/h2><img width=\"495\" height=\"343\" src=\"https:\/\/www.kohlundfrech.de\/wp-content\/uploads\/2019\/05\/Edith_Stein_Small-495x343.jpg\" class=\"wp-image-359 avia-img-lazy-loading-359 attachment-portfolio size-portfolio wp-post-image\" alt=\"\" loading=\"lazy\" srcset=\"https:\/\/www.kohlundfrech.de\/wp-content\/uploads\/2019\/05\/Edith_Stein_Small.jpg 495w, https:\/\/www.kohlundfrech.de\/wp-content\/uploads\/2019\/05\/Edith_Stein_Small-216x150.jpg 216w, https:\/\/www.kohlundfrech.de\/wp-content\/uploads\/2019\/05\/Edith_Stein_Small-300x208.jpg 300w, https:\/\/www.kohlundfrech.de\/wp-content\/uploads\/2019\/05\/Edith_Stein_Small-450x312.jpg 450w\" sizes=\"(max-width: 495px) 100vw, 495px\" \/><\/a><div class='grid-content'><div class='avia-arrow'><\/div><header class=\"entry-content-header\"><h3 class='grid-entry-title entry-title'  itemprop=\"headline\" ><a href='https:\/\/www.kohlundfrech.de\/?portfolio=edith-stein-gymnasium-speyer' title='EDITH-STEIN-GYMNASIUM,  SPEYER'>EDITH-STEIN-GYMNASIUM,  SPEYER<\/a><\/h3><\/header><\/div><footer class=\"entry-footer\"><\/footer><\/article><\/div><div data-ajax-id='368' class=' grid-entry flex_column isotope-item all_sort no_margin post-entry post-entry-368 grid-entry-overview grid-loop-7 grid-parity-odd  post-entry-last  oeffentlich_sort  av_one_third first default_av_fullwidth '><article class='main_color inner-entry'  itemscope=\"itemscope\" itemtype=\"https:\/\/schema.org\/CreativeWork\" ><a href='https:\/\/www.kohlundfrech.de\/?portfolio=368' title='PIH FRANKENTHAL, FRANKENTHAL'  data-rel='grid-1' class='grid-image avia-hover-fx'><h2 class=\"kuf_grid_title\">PIH FRANKENTHAL, FRANKENTHAL<\/h2><img width=\"495\" height=\"343\" src=\"https:\/\/www.kohlundfrech.de\/wp-content\/uploads\/2019\/05\/PIH_Frankenthal_small-495x343.jpg\" class=\"wp-image-372 avia-img-lazy-loading-372 attachment-portfolio size-portfolio wp-post-image\" alt=\"\" loading=\"lazy\" srcset=\"https:\/\/www.kohlundfrech.de\/wp-content\/uploads\/2019\/05\/PIH_Frankenthal_small.jpg 495w, https:\/\/www.kohlundfrech.de\/wp-content\/uploads\/2019\/05\/PIH_Frankenthal_small-216x150.jpg 216w, https:\/\/www.kohlundfrech.de\/wp-content\/uploads\/2019\/05\/PIH_Frankenthal_small-300x208.jpg 300w, https:\/\/www.kohlundfrech.de\/wp-content\/uploads\/2019\/05\/PIH_Frankenthal_small-450x312.jpg 450w\" sizes=\"(max-width: 495px) 100vw, 495px\" \/><\/a><div class='grid-content'><div class='avia-arrow'><\/div><header class=\"entry-content-header\"><h3 class='grid-entry-title entry-title'  itemprop=\"headline\" ><a href='https:\/\/www.kohlundfrech.de\/?portfolio=368' title='PIH FRANKENTHAL, FRANKENTHAL'>PIH FRANKENTHAL, FRANKENTHAL<\/a><\/h3><\/header><\/div><footer class=\"entry-footer\"><\/footer><\/article><\/div><\/div><\/p><\/div>\n<div  class='avia-button-wrap avia-button-center  avia-builder-el-4  el_after_av_one_full  avia-builder-el-last ' ><a href='\/#projekte'  class='avia-button  avia-color-theme-color   avia-icon_select-yes-left-icon avia-size-medium avia-position-center '   ><span class='avia_button_icon avia_button_icon_left ' aria-hidden='true' data-av_icon='\ue830' data-av_iconfont='entypo-fontello'><\/span><span class='avia_iconbox_title' >Zur\u00fcck<\/span><\/a><\/div>\n","protected":false},"excerpt":{"rendered":"","protected":false},"author":1,"featured_media":0,"parent":0,"menu_order":0,"comment_status":"closed","ping_status":"closed","template":"","meta":[],"_links":{"self":[{"href":"https:\/\/www.kohlundfrech.de\/index.php?rest_route=\/wp\/v2\/pages\/243"}],"collection":[{"href":"https:\/\/www.kohlundfrech.de\/index.php?rest_route=\/wp\/v2\/pages"}],"about":[{"href":"https:\/\/www.kohlundfrech.de\/index.php?rest_route=\/wp\/v2\/types\/page"}],"author":[{"embeddable":true,"href":"https:\/\/www.kohlundfrech.de\/index.php?rest_route=\/wp\/v2\/users\/1"}],"replies":[{"embeddable":true,"href":"https:\/\/www.kohlundfrech.de\/index.php?rest_route=%2Fwp%2Fv2%2Fcomments&post=243"}],"version-history":[{"count":10,"href":"https:\/\/www.kohlundfrech.de\/index.php?rest_route=\/wp\/v2\/pages\/243\/revisions"}],"predecessor-version":[{"id":587,"href":"https:\/\/www.kohlundfrech.de\/index.php?rest_route=\/wp\/v2\/pages\/243\/revisions\/587"}],"wp:attachment":[{"href":"https:\/\/www.kohlundfrech.de\/index.php?rest_route=%2Fwp%2Fv2%2Fmedia&parent=243"}],"curies":[{"name":"wp","href":"https:\/\/api.w.org\/{rel}","templated":true}]}}