{"id":411,"date":"2019-05-09T10:02:38","date_gmt":"2019-05-09T08:02:38","guid":{"rendered":"https:\/\/www.kohlundfrech.de\/?post_type=portfolio&#038;p=411"},"modified":"2019-06-17T12:03:17","modified_gmt":"2019-06-17T10:03:17","slug":"neubau-musterhausbebauung-landesgartenschau-landau","status":"publish","type":"portfolio","link":"https:\/\/www.kohlundfrech.de\/?portfolio=neubau-musterhausbebauung-landesgartenschau-landau","title":{"rendered":"NEUBAU MUSTERHAUSBEBAUUNG, LANDESGARTENSCHAU LANDAU"},"content":{"rendered":"<div id='full_slider_1'  class='avia-fullwidth-slider main_color avia-shadow   avia-builder-el-0  el_before_av_section  avia-builder-el-first   container_wrap fullsize' style=' '  ><div   data-size='no scaling'  data-lightbox_size='large'  data-animation='slide'  data-conditional_play=''  data-ids='412'  data-video_counter='0'  data-autoplay='false'  data-bg_slider='false'  data-slide_height=''  data-handle='av_slideshow_full'  data-interval='5'  data-class=' '  data-el_id=''  data-css_id=''  data-scroll_down=''  data-control_layout='av-control-default'  data-custom_markup=''  data-perma_caption=''  data-autoplay_stopper=''  data-image_attachment=''  data-min_height='0px'  data-lazy_loading='disabled'  data-src=''  data-position='top left'  data-repeat='no-repeat'  data-attach='scroll'  data-stretch=''  class='avia-slideshow avia-slideshow-1  av-control-default av-default-height-applied avia-slideshow-no scaling av_slideshow_full   avia-slide-slider '  itemprop=\"image\" itemscope=\"itemscope\" itemtype=\"https:\/\/schema.org\/ImageObject\" ><ul class='avia-slideshow-inner ' style='padding-bottom: 54.533508541393%;' ><li  class=' av-single-slide slide-1 ' ><div data-rel='slideshow-1' class='avia-slide-wrap '   ><img class=\"wp-image-412 avia-img-lazy-loading-not-412\"  src=\"https:\/\/www.kohlundfrech.de\/wp-content\/uploads\/2019\/05\/LAGA_Landau_Big.jpg\" width=\"1522\" height=\"830\" title='LAGA_Landau_Big' alt=''  itemprop=\"thumbnailUrl\" srcset=\"https:\/\/www.kohlundfrech.de\/wp-content\/uploads\/2019\/05\/LAGA_Landau_Big.jpg 1522w, https:\/\/www.kohlundfrech.de\/wp-content\/uploads\/2019\/05\/LAGA_Landau_Big-275x150.jpg 275w, https:\/\/www.kohlundfrech.de\/wp-content\/uploads\/2019\/05\/LAGA_Landau_Big-300x164.jpg 300w, https:\/\/www.kohlundfrech.de\/wp-content\/uploads\/2019\/05\/LAGA_Landau_Big-768x419.jpg 768w, https:\/\/www.kohlundfrech.de\/wp-content\/uploads\/2019\/05\/LAGA_Landau_Big-1030x562.jpg 1030w, https:\/\/www.kohlundfrech.de\/wp-content\/uploads\/2019\/05\/LAGA_Landau_Big-1500x818.jpg 1500w, https:\/\/www.kohlundfrech.de\/wp-content\/uploads\/2019\/05\/LAGA_Landau_Big-705x384.jpg 705w, https:\/\/www.kohlundfrech.de\/wp-content\/uploads\/2019\/05\/LAGA_Landau_Big-450x245.jpg 450w\" sizes=\"(max-width: 1522px) 100vw, 1522px\" \/><\/div><\/li><\/ul><\/div><\/div>\n<div id='av_section_1'  class='avia-section main_color avia-section-default avia-no-border-styling  avia-bg-style-scroll  avia-builder-el-1  el_after_av_slideshow_full  avia-builder-el-last   container_wrap fullsize' style=' '  ><div class='container' ><div class='template-page content  av-content-full alpha units'><div class='post-entry post-entry-type-page post-entry-411'><div class='entry-content-wrapper clearfix'>\n<div class=\"flex_column av_one_full  flex_column_div av-zero-column-padding first  avia-builder-el-2  avia-builder-el-no-sibling  \" style='border-radius:0px; '><section class=\"av_textblock_section \"  itemscope=\"itemscope\" itemtype=\"https:\/\/schema.org\/CreativeWork\" ><div class='avia_textblock  '   itemprop=\"text\" ><h2>NEUBAU MUSTERHAUSBEBAUUNG,\u00a0LANDESGARTENSCHAU LANDAU<\/h2>\n<\/div><\/section><br \/>\n<section class=\"av_textblock_section \"  itemscope=\"itemscope\" itemtype=\"https:\/\/schema.org\/CreativeWork\" ><div class='avia_textblock  '   itemprop=\"text\" ><p><span style=\"color: #f07c00;\"><strong>Projekt:<\/strong><\/span> Neubau Musterhausbebauung Landesgartenschau Landau, Schulze-Delitzsch-Carr\u00e9e<br \/>\nAuf dem Landesgartenschaugel\u00e4nde in Landau wurden 6 architektonisch ansprechende\u00a0Mehrfamilienh\u00e4user mit qualit\u00e4tsvollem Wohnraum geschaffen. Die H\u00e4user sind in einem Carr\u00e9e\u00a0angeordnet, gruppiert um einen gro\u00dfz\u00fcgigen Platz, von dem aus die H\u00e4user zug\u00e4nglich sind. Im\u00a0Innenhof befindet sich ein Wasserbecken auf \u00fcber 400 m\u00b2. Darunter liegt eine Tiefgarage mit 57\u00a0Stellpl\u00e4tzen.<\/p>\n<p><span style=\"color: #f07c00;\"><strong>Bauherr:<\/strong><\/span> VR Bank S\u00fcdpfalz eG<\/p>\n<p><span style=\"color: #f07c00;\"><strong>Baujahr:<\/strong><\/span> 2012 bis 2016<\/p>\n<p><span style=\"color: #f07c00;\"><strong>Leistungen:<\/strong><\/span> Leistungsphasen 1-9 nach HOAII<\/p>\n<\/div><\/section><br \/>\n<section class=\"av_textblock_section kuf_textblock_section \"  itemscope=\"itemscope\" itemtype=\"https:\/\/schema.org\/CreativeWork\" ><div class='avia_textblock kuf_textblock  '   itemprop=\"text\" ><div class=\"kuf_textblock_image_container\"><img src=\"https:\/\/www.kohlundfrech.de\/wp-content\/uploads\/2019\/04\/HEIZUNG_flaticonDE7621-OR-80x80.png\" \/><\/div><div class=\"kuf_textblock_text_container\"><p>Anschluss der 6 H\u00e4user an das Fernw\u00e4rmenetz mit eigener Fernw\u00e4rme\u00fcbergabestation und\u00a0zentraler Warmwasserbereitung, Beheizung \u00fcber Fu\u00dfbodenheizung<\/p>\n<\/div><\/section><br \/>\n<section class=\"av_textblock_section kuf_textblock_section \"  itemscope=\"itemscope\" itemtype=\"https:\/\/schema.org\/CreativeWork\" ><div class='avia_textblock kuf_textblock  '   itemprop=\"text\" ><div class=\"kuf_textblock_image_container\"><img src=\"https:\/\/www.kohlundfrech.de\/wp-content\/uploads\/2019\/04\/LUEFTUNG_flaticonDE7621_OR-80x80.png\" \/><\/div><div class=\"kuf_textblock_text_container\"><p>Entl\u00fcftung der innenliegenden R\u00e4ume<\/p>\n<\/div><\/section><br \/>\n<section class=\"av_textblock_section kuf_textblock_section \"  itemscope=\"itemscope\" itemtype=\"https:\/\/schema.org\/CreativeWork\" ><div class='avia_textblock kuf_textblock  '   itemprop=\"text\" ><div class=\"kuf_textblock_image_container\"><img src=\"https:\/\/www.kohlundfrech.de\/wp-content\/uploads\/2019\/04\/Sanitaer_flaticonDE7621_OR-80x80.png\" \/><\/div><div class=\"kuf_textblock_text_container\"><p>Neue Sanit\u00e4robjekte inkl. Ver- und Entsorgung, Regenentw\u00e4sserung<\/p>\n<\/div><\/section><br \/>\n<div  class='avia-button-wrap avia-button-left  avia-builder-el-8  el_after_kuf_textblock  avia-builder-el-last ' ><a href='https:\/\/www.kohlundfrech.de\/?page_id=260'  class='avia-button  avia-color-theme-color   avia-icon_select-yes-left-icon avia-size-medium avia-position-left '   ><span class='avia_button_icon avia_button_icon_left ' aria-hidden='true' data-av_icon='\ue830' data-av_iconfont='entypo-fontello'><\/span><span class='avia_iconbox_title' >Zur\u00fcck<\/span><\/a><\/div><\/p><\/div>\n","protected":false},"excerpt":{"rendered":"","protected":false},"featured_media":413,"comment_status":"open","ping_status":"closed","template":"","tags":[],"portfolio_entries":[7],"_links":{"self":[{"href":"https:\/\/www.kohlundfrech.de\/index.php?rest_route=\/wp\/v2\/portfolio\/411"}],"collection":[{"href":"https:\/\/www.kohlundfrech.de\/index.php?rest_route=\/wp\/v2\/portfolio"}],"about":[{"href":"https:\/\/www.kohlundfrech.de\/index.php?rest_route=\/wp\/v2\/types\/portfolio"}],"replies":[{"embeddable":true,"href":"https:\/\/www.kohlundfrech.de\/index.php?rest_route=%2Fwp%2Fv2%2Fcomments&post=411"}],"version-history":[{"count":4,"href":"https:\/\/www.kohlundfrech.de\/index.php?rest_route=\/wp\/v2\/portfolio\/411\/revisions"}],"predecessor-version":[{"id":556,"href":"https:\/\/www.kohlundfrech.de\/index.php?rest_route=\/wp\/v2\/portfolio\/411\/revisions\/556"}],"wp:featuredmedia":[{"embeddable":true,"href":"https:\/\/www.kohlundfrech.de\/index.php?rest_route=\/wp\/v2\/media\/413"}],"wp:attachment":[{"href":"https:\/\/www.kohlundfrech.de\/index.php?rest_route=%2Fwp%2Fv2%2Fmedia&parent=411"}],"wp:term":[{"taxonomy":"post_tag","embeddable":true,"href":"https:\/\/www.kohlundfrech.de\/index.php?rest_route=%2Fwp%2Fv2%2Ftags&post=411"},{"taxonomy":"portfolio_entries","embeddable":true,"href":"https:\/\/www.kohlundfrech.de\/index.php?rest_route=%2Fwp%2Fv2%2Fportfolio_entries&post=411"}],"curies":[{"name":"wp","href":"https:\/\/api.w.org\/{rel}","templated":true}]}}